{"id":1215,"date":"2021-06-13T02:28:05","date_gmt":"2021-06-13T01:28:05","guid":{"rendered":"https:\/\/histoireinnue.ca\/?page_id=1215"},"modified":"2025-09-02T23:38:08","modified_gmt":"2025-09-02T22:38:08","slug":"mani-utenam","status":"publish","type":"page","link":"https:\/\/histoireinnue.ca\/?page_id=1215","title":{"rendered":"MANI-UTENAM"},"content":{"rendered":"\n<p class=\"has-medium-font-size wp-block-paragraph\">Mani-utenam, qui signifie \u00ab village de Marie \u00bb, est un territoire acquis par le gouvernement f\u00e9d\u00e9ral en 1948, d\u00e9sign\u00e9 comme r\u00e9serve l&rsquo;ann\u00e9e suivante. \u00c0 sa fondation, elle regroupe principalement les familles qui \u00e9taient associ\u00e9es \u00e0 la rivi\u00e8re Moisie, ou \u00ab&nbsp;Mishta-shipu&nbsp;\u00bb. D\u2019autres familles \u00e9tablies \u00e0&nbsp;Uashat&nbsp;y d\u00e9m\u00e9nagent dans la d\u00e9cennie de 1950.&nbsp;Mani-utenam&nbsp;est situ\u00e9e \u00e0 16 kilom\u00e8tres \u00e0 l&rsquo;est de Sept-\u00celes.&nbsp;<\/p>\n\n\n\n<p class=\"has-text-align-center has-medium-font-size wp-block-paragraph\">Mani utenam, (r\u00e9sum\u00e9 en langue innue), D\u00e9lima Andr\u00e9 et Evelyne St-Onge<\/p>\n\n\n\n<figure class=\"wp-block-video aligncenter\"><video height=\"720\" style=\"aspect-ratio: 1280 \/ 720;\" width=\"1280\" controls src=\"https:\/\/histoireinnue.ca\/wp-content\/uploads\/2021\/06\/De\u0301lima-Andre\u0301.mp4\"><\/video><\/figure>\n\n\n\n<p class=\"wp-block-paragraph\"><\/p>\n\n\n\n<p class=\"has-text-align-center has-medium-font-size wp-block-paragraph\">Transcription<\/p>\n\n\n\n<p class=\"has-medium-font-size wp-block-paragraph\"><strong>D\u00e9lima Andr\u00e9<\/strong>&nbsp;&#8211; J&rsquo;ai 94 ans et je suis n\u00e9e \u00e0 Port-Cartier. Avant ici, la communaut\u00e9, \u00e7a n&rsquo;existait pas. J&rsquo;ai suivi mon mari ici \u00e0&nbsp;Mani-utenam. C&rsquo;est lui qui a \u00e9t\u00e9 le premier chef de la communaut\u00e9. Accompagn\u00e9 de fonctionnaires, ils cherchaient l&rsquo;endroit id\u00e9al pour la nouvelle communaut\u00e9. Ce terrain ici appartenait \u00e0 la famille Gallienne.&nbsp;<br>Au d\u00e9but, Gallienne ne voulait pas vendre, le gouvernement l&rsquo;a oblig\u00e9. Il a d&rsquo;abord ouvert un magasin et les Innus ont commenc\u00e9 \u00e0 d\u00e9fricher leur terrain. D&rsquo;o\u00f9 viennent les Innus qui sont ici ? Ce sont les Innus de la Grande-Rivi\u00e8re, la rivi\u00e8re Moisie, principalement du village \u00e0 l&#8217;embouchure de la rivi\u00e8re&nbsp;Mishta-shipu.&nbsp;<br>Au d\u00e9but il n&rsquo;y avait pas d&rsquo;eau. Les Innus allaient chercher l&rsquo;eau dans le lac Lambert avec des seaux. Ce lac est maintenant pollu\u00e9. Les gens avaient tellement h\u00e2te de d\u00e9m\u00e9nager qu&rsquo;ils venaient planter leur tente sur le futur emplacement de leur maison. Pourquoi appelait-on cet endroit&nbsp;Apituamiss&nbsp;auparavant? Parce qu&rsquo;il est \u00e0 mi-chemin entre la rivi\u00e8re Moisie et&nbsp;Uashat&nbsp;(Sept-Iles). Anciennement, on appelait cet endroit&nbsp;Kapituneiat. Car quand la mar\u00e9e baisse, il y a des petits lacs qui apparaissent.<\/p>\n\n\n\n<p class=\"has-text-align-center has-medium-font-size wp-block-paragraph\">Diff\u00e9rents \u00e9v\u00e9nements qui se sont pass\u00e9es \u00e0 Mani-utenam <\/p>\n\n\n\n<p class=\"has-text-align-center has-medium-font-size wp-block-paragraph\">F\u00eate de la rue \u00e0 Man-utenam 2010<\/p>\n\n\n\n<figure class=\"wp-block-video wp-block-embed is-type-video is-provider-videopress\"><div class=\"wp-block-embed__wrapper\">\n<iframe title=\"VideoPress Video Player\" aria-label='VideoPress Video Player' width='736' height='414' src='https:\/\/videopress.com\/embed\/VhtscjFR?cover=1&amp;posterUrl=https%3A%2F%2Fhistoireinnue.ca%2Fwp-content%2Fuploads%2F2023%2F12%2Ffete-mani-utenam-2017_mp4_avc_240p.original.jpg&amp;preloadContent=metadata&amp;useAverageColor=1&amp;hd=0' frameborder='0' allowfullscreen data-resize-to-parent=\"true\" allow='clipboard-write'><\/iframe><script src='https:\/\/v0.wordpress.com\/js\/next\/videopress-iframe.js?m=1739540970'><\/script>\n<\/div><\/figure>\n\n\n\n<p class=\"has-text-align-center has-medium-font-size wp-block-paragraph\">F\u00eate de la rue \u00e0 Man-utenam 2015<\/p>\n\n\n\n<figure class=\"wp-block-video wp-block-embed is-type-video is-provider-videopress\"><div class=\"wp-block-embed__wrapper\">\n<iframe title=\"VideoPress Video Player\" aria-label='VideoPress Video Player' width='736' height='414' src='https:\/\/videopress.com\/embed\/5QQs9CBi?cover=1&amp;posterUrl=https%3A%2F%2Fhistoireinnue.ca%2Fwp-content%2Fuploads%2F2023%2F12%2Ffete-de-la-rue-malio-2015_mp4_std.original.jpg&amp;preloadContent=metadata&amp;useAverageColor=1&amp;hd=0' frameborder='0' allowfullscreen data-resize-to-parent=\"true\" allow='clipboard-write'><\/iframe><script src='https:\/\/v0.wordpress.com\/js\/next\/videopress-iframe.js?m=1739540970'><\/script>\n<\/div><\/figure>\n\n\n\n<p class=\"has-text-align-center has-medium-font-size wp-block-paragraph\">F\u00eate des p\u00e8res 2017<\/p>\n\n\n\n<figure class=\"wp-block-video wp-block-embed is-type-video is-provider-videopress\"><div class=\"wp-block-embed__wrapper\">\n<iframe title=\"VideoPress Video Player\" aria-label='VideoPress Video Player' width='736' height='414' src='https:\/\/videopress.com\/embed\/i7PqqWcX?cover=1&amp;posterUrl=https%3A%2F%2Fhistoireinnue.ca%2Fwp-content%2Fuploads%2F2023%2F12%2Ffete-des-pere-shipit-2017_mp4_std.original.jpg&amp;preloadContent=metadata&amp;useAverageColor=1&amp;hd=0' frameborder='0' allowfullscreen data-resize-to-parent=\"true\" allow='clipboard-write'><\/iframe><script src='https:\/\/v0.wordpress.com\/js\/next\/videopress-iframe.js?m=1739540970'><\/script>\n<\/div><figcaption>F\u00eate des p\u00e8res \u00e0 shipit chez V\u00e9ronique et Albert Vollant, 2017<\/figcaption><\/figure>\n\n\n\n<p class=\"has-text-align-center has-medium-font-size wp-block-paragraph\">Maternelle Mani-utenam<\/p>\n\n\n\n<figure class=\"wp-block-video wp-block-embed is-type-video is-provider-videopress\"><div class=\"wp-block-embed__wrapper\">\n<iframe title=\"VideoPress Video Player\" aria-label='VideoPress Video Player' width='736' height='414' src='https:\/\/videopress.com\/embed\/bNZNfIMh?cover=1&amp;posterUrl=https%3A%2F%2Fhistoireinnue.ca%2Fwp-content%2Fuploads%2F2023%2F12%2Fmaternelle-fb_mp4_std.original.jpg&amp;preloadContent=metadata&amp;useAverageColor=1&amp;hd=0' frameborder='0' allowfullscreen data-resize-to-parent=\"true\" allow='clipboard-write'><\/iframe><script src='https:\/\/v0.wordpress.com\/js\/next\/videopress-iframe.js?m=1739540970'><\/script>\n<\/div><\/figure>\n\n\n\n<p class=\"has-text-align-center wp-block-paragraph\">B\u00e9b\u00e9 St-Onge<\/p>\n\n\n\n<figure class=\"wp-block-video wp-block-embed is-type-video is-provider-videopress\"><div class=\"wp-block-embed__wrapper\">\n<iframe title=\"VideoPress Video Player\" aria-label='VideoPress Video Player' width='736' height='414' src='https:\/\/videopress.com\/embed\/shmUecFW?cover=1&amp;preloadContent=metadata&amp;useAverageColor=1&amp;hd=0' frameborder='0' allowfullscreen data-resize-to-parent=\"true\" allow='clipboard-write'><\/iframe><script src='https:\/\/v0.wordpress.com\/js\/next\/videopress-iframe.js?m=1739540970'><\/script>\n<\/div><figcaption>Fun\u00e9railles B\u00e9b\u00e9 St-Onge, 1991<\/figcaption><\/figure>\n\n\n\n<p class=\"has-text-align-center has-medium-font-size wp-block-paragraph\">Carnaval Mani-utenam<\/p>\n\n\n\n<figure class=\"wp-block-video wp-block-embed is-type-video is-provider-videopress\"><div class=\"wp-block-embed__wrapper\">\n<iframe title=\"VideoPress Video Player\" aria-label='VideoPress Video Player' width='736' height='414' src='https:\/\/videopress.com\/embed\/Qnv3RhrX?cover=1&amp;posterUrl=https%3A%2F%2Fhistoireinnue.ca%2Fwp-content%2Fuploads%2F2023%2F11%2Fcarnaval-malio-1990_mp4_std.original.jpg&amp;preloadContent=metadata&amp;useAverageColor=1&amp;hd=0' frameborder='0' allowfullscreen data-resize-to-parent=\"true\" allow='clipboard-write'><\/iframe><script src='https:\/\/v0.wordpress.com\/js\/next\/videopress-iframe.js?m=1739540970'><\/script>\n<\/div><figcaption>Carnaval Mani-utenam, 1990<\/figcaption><\/figure>\n\n\n\n<p class=\"has-text-align-center has-medium-font-size wp-block-paragraph\">Glissade Mani-utenam<\/p>\n\n\n\n<figure class=\"wp-block-video wp-block-embed is-type-video is-provider-videopress\"><div class=\"wp-block-embed__wrapper\">\n<iframe title=\"VideoPress Video Player\" aria-label='VideoPress Video Player' width='736' height='414' src='https:\/\/videopress.com\/embed\/79c1LyoF?cover=1&amp;posterUrl=https%3A%2F%2Fhistoireinnue.ca%2Fwp-content%2Fuploads%2F2023%2F11%2Fglissade-malio_mp4_std.original.jpg&amp;preloadContent=metadata&amp;useAverageColor=1&amp;hd=0' frameborder='0' allowfullscreen data-resize-to-parent=\"true\" allow='clipboard-write'><\/iframe><script src='https:\/\/v0.wordpress.com\/js\/next\/videopress-iframe.js?m=1739540970'><\/script>\n<\/div><figcaption>Glissade Mani-utenam, 1990<\/figcaption><\/figure>\n\n\n\n<p class=\"has-text-align-center has-medium-font-size wp-block-paragraph\">Coalition pour Nitassinan (Carr\u00e9 St-Louis)<\/p>\n\n\n\n<figure class=\"wp-block-video wp-block-embed is-type-video is-provider-videopress\"><div class=\"wp-block-embed__wrapper\">\n<iframe title=\"VideoPress Video Player\" aria-label='VideoPress Video Player' width='736' height='414' src='https:\/\/videopress.com\/embed\/8d0tCWFE?cover=1&amp;preloadContent=metadata&amp;useAverageColor=1&amp;hd=0' frameborder='0' allowfullscreen data-resize-to-parent=\"true\" allow='clipboard-write'><\/iframe><script src='https:\/\/v0.wordpress.com\/js\/next\/videopress-iframe.js?m=1739540970'><\/script>\n<\/div><figcaption>Carr\u00e9 St-Louis, 1994<\/figcaption><\/figure>\n\n\n\n<p class=\"has-text-align-center has-medium-font-size wp-block-paragraph\">Coalition pour Nitassinan, Ottawa 1994<\/p>\n\n\n\n<figure class=\"wp-block-video wp-block-embed is-type-video is-provider-videopress\"><div class=\"wp-block-embed__wrapper\">\n<iframe title=\"VideoPress Video Player\" aria-label='VideoPress Video Player' width='736' height='414' src='https:\/\/videopress.com\/embed\/OG83MzkR?cover=1&amp;preloadContent=metadata&amp;useAverageColor=1&amp;hd=0' frameborder='0' allowfullscreen data-resize-to-parent=\"true\" allow='clipboard-write'><\/iframe><script src='https:\/\/v0.wordpress.com\/js\/next\/videopress-iframe.js?m=1739540970'><\/script>\n<\/div><figcaption>Ottawa, 1994<\/figcaption><\/figure>\n\n\n\n<p class=\"has-text-align-center has-medium-font-size wp-block-paragraph\">Coalition pour Nitassinan SM3<\/p>\n\n\n\n<figure class=\"wp-block-video wp-block-embed is-type-video is-provider-videopress\"><div class=\"wp-block-embed__wrapper\">\n<iframe title=\"VideoPress Video Player\" aria-label='VideoPress Video Player' width='736' height='414' src='https:\/\/videopress.com\/embed\/VLpWxELz?cover=1&amp;posterUrl=https%3A%2F%2Fhistoireinnue.ca%2Fwp-content%2Fuploads%2F2023%2F11%2Fsm3_mp4_std.original.jpg&amp;preloadContent=metadata&amp;useAverageColor=1&amp;hd=0' frameborder='0' allowfullscreen data-resize-to-parent=\"true\" allow='clipboard-write'><\/iframe><script src='https:\/\/v0.wordpress.com\/js\/next\/videopress-iframe.js?m=1739540970'><\/script>\n<\/div><figcaption>Coalition pour Nitassinan sur la rivi\u00e8re Ste Marguerite, 1994<\/figcaption><\/figure>\n\n\n\n<p class=\"has-text-align-center has-medium-font-size wp-block-paragraph\">radio de la r\u00e9sistance<\/p>\n\n\n\n<figure class=\"wp-block-video wp-block-embed is-type-video is-provider-videopress\"><div class=\"wp-block-embed__wrapper\">\n<iframe title=\"VideoPress Video Player\" aria-label='VideoPress Video Player' width='736' height='414' src='https:\/\/videopress.com\/embed\/qQc26bfO?cover=1&amp;posterUrl=https%3A%2F%2Fhistoireinnue.ca%2Fwp-content%2Fuploads%2F2023%2F11%2Fradio-de-la-resiistance_mp4_std.original.jpg&amp;preloadContent=metadata&amp;useAverageColor=1&amp;hd=0' frameborder='0' allowfullscreen data-resize-to-parent=\"true\" allow='clipboard-write'><\/iframe><script src='https:\/\/v0.wordpress.com\/js\/next\/videopress-iframe.js?m=1739540970'><\/script>\n<\/div><figcaption>Radio clandestine, Coalition pour Nitassinan, 1994<\/figcaption><\/figure>\n\n\n\n<p class=\"has-text-align-center has-medium-font-size wp-block-paragraph\">Radiothon Mani-utenam<\/p>\n\n\n\n<figure class=\"wp-block-video wp-block-embed is-type-video is-provider-videopress\"><div class=\"wp-block-embed__wrapper\">\n<iframe title=\"VideoPress Video Player\" aria-label='VideoPress Video Player' width='736' height='414' src='https:\/\/videopress.com\/embed\/xOqnvMoi?cover=1&amp;posterUrl=https%3A%2F%2Fhistoireinnue.ca%2Fwp-content%2Fuploads%2F2023%2F11%2Fradiothon-malio-1990_mp4_avc_240p.original.jpg&amp;preloadContent=metadata&amp;useAverageColor=1&amp;hd=0' frameborder='0' allowfullscreen data-resize-to-parent=\"true\" allow='clipboard-write'><\/iframe><script src='https:\/\/v0.wordpress.com\/js\/next\/videopress-iframe.js?m=1739540970'><\/script>\n<\/div><figcaption>Prestation du Mishta-shipu band pour aider la radio communautaire, 1994<\/figcaption><\/figure>\n\n\n\n<p class=\"has-text-align-center has-medium-font-size wp-block-paragraph\">Tshin nakaui, R\u00e9al Vollant<\/p>\n\n\n\n<figure class=\"wp-block-video wp-block-embed is-type-video is-provider-videopress\"><div class=\"wp-block-embed__wrapper\">\n<iframe title=\"VideoPress Video Player\" aria-label='VideoPress Video Player' width='736' height='414' src='https:\/\/videopress.com\/embed\/u7vzVSO3?cover=1&amp;posterUrl=https%3A%2F%2Fhistoireinnue.ca%2Fwp-content%2Fuploads%2F2023%2F11%2Fclip-chloe_mp4_std.original.jpg&amp;preloadContent=metadata&amp;useAverageColor=1&amp;hd=0' frameborder='0' allowfullscreen data-resize-to-parent=\"true\" allow='clipboard-write'><\/iframe><script src='https:\/\/v0.wordpress.com\/js\/next\/videopress-iframe.js?m=1739540970'><\/script>\n<\/div><figcaption>Clip musical, Tshin nakaui de R\u00e9al Vollant, chant\u00e9 par Chlo\u00e9e Ste-Marie, 1991<\/figcaption><\/figure>\n\n\n\n<p class=\"has-text-align-center has-medium-font-size wp-block-paragraph\">cours \u00e9cole Tshishteshinu<\/p>\n\n\n\n<figure class=\"wp-block-video wp-block-embed is-type-video is-provider-videopress\"><div class=\"wp-block-embed__wrapper\">\n<iframe title=\"VideoPress Video Player\" aria-label='VideoPress Video Player' width='736' height='414' src='https:\/\/videopress.com\/embed\/NSaQA9t5?cover=1&amp;preloadContent=metadata&amp;useAverageColor=1&amp;hd=0' frameborder='0' allowfullscreen data-resize-to-parent=\"true\" allow='clipboard-write'><\/iframe><script src='https:\/\/v0.wordpress.com\/js\/next\/videopress-iframe.js?m=1739540970'><\/script>\n<\/div><figcaption>D\u00e9but 1990<\/figcaption><\/figure>\n\n\n\n<p class=\"has-text-align-center has-medium-font-size wp-block-paragraph\">Double mariage<\/p>\n\n\n\n<figure class=\"wp-block-video wp-block-embed is-type-video is-provider-videopress\"><div class=\"wp-block-embed__wrapper\">\n<iframe title=\"VideoPress Video Player\" aria-label='VideoPress Video Player' width='736' height='414' src='https:\/\/videopress.com\/embed\/Hz7m0tps?cover=1&amp;posterUrl=https%3A%2F%2Fhistoireinnue.ca%2Fwp-content%2Fuploads%2F2023%2F12%2Fmariage-double-mani-utenam_mp4_std.original.jpg&amp;preloadContent=metadata&amp;useAverageColor=1&amp;hd=0' frameborder='0' allowfullscreen data-resize-to-parent=\"true\" allow='clipboard-write'><\/iframe><script src='https:\/\/v0.wordpress.com\/js\/next\/videopress-iframe.js?m=1739540970'><\/script>\n<\/div><\/figure>\n\n\n\n<p class=\"has-text-align-center has-medium-font-size wp-block-paragraph\">Hommage \u00e0 David Pinette<\/p>\n\n\n\n<figure class=\"wp-block-video wp-block-embed is-type-video is-provider-videopress\"><div class=\"wp-block-embed__wrapper\">\n<iframe title=\"VideoPress Video Player\" aria-label='VideoPress Video Player' width='736' height='414' src='https:\/\/videopress.com\/embed\/9H2qYxKS?cover=1&amp;preloadContent=metadata&amp;useAverageColor=1&amp;hd=0' frameborder='0' allowfullscreen data-resize-to-parent=\"true\" allow='clipboard-write'><\/iframe><script src='https:\/\/v0.wordpress.com\/js\/next\/videopress-iframe.js?m=1739540970'><\/script>\n<\/div><\/figure>\n\n\n\n<p class=\"has-text-align-center has-medium-font-size wp-block-paragraph\">Hommage Julienne St-Onge<\/p>\n\n\n\n<figure class=\"wp-block-video wp-block-embed is-type-video is-provider-videopress\"><div class=\"wp-block-embed__wrapper\">\n<iframe title=\"VideoPress Video Player\" aria-label='VideoPress Video Player' width='736' height='414' src='https:\/\/videopress.com\/embed\/4w085nQe?cover=1&amp;preloadContent=metadata&amp;useAverageColor=1&amp;hd=0' frameborder='0' allowfullscreen data-resize-to-parent=\"true\" allow='clipboard-write'><\/iframe><script src='https:\/\/v0.wordpress.com\/js\/next\/videopress-iframe.js?m=1739540970'><\/script>\n<\/div><\/figure>\n\n\n\n<p class=\"has-text-align-center has-medium-font-size wp-block-paragraph\">Hommage Patof<\/p>\n\n\n\n<figure class=\"wp-block-video wp-block-embed is-type-video is-provider-videopress\"><div class=\"wp-block-embed__wrapper\">\n<iframe title=\"VideoPress Video Player\" aria-label='VideoPress Video Player' width='736' height='552' src='https:\/\/videopress.com\/embed\/2XZhcAsc?cover=1&amp;preloadContent=metadata&amp;useAverageColor=1&amp;hd=0' frameborder='0' allowfullscreen data-resize-to-parent=\"true\" allow='clipboard-write'><\/iframe><script src='https:\/\/v0.wordpress.com\/js\/next\/videopress-iframe.js?m=1739540970'><\/script>\n<\/div><\/figure>\n\n\n\n<p class=\"has-text-align-center has-medium-font-size wp-block-paragraph\">Hommage \u00e0 Chantale Bellefleur (audio)<\/p>\n\n\n\n<figure class=\"wp-block-video wp-block-embed is-type-video is-provider-videopress\"><div class=\"wp-block-embed__wrapper\">\n<iframe title=\"VideoPress Video Player\" aria-label='VideoPress Video Player' width='736' height='414' src='https:\/\/videopress.com\/embed\/OvZLvVny?cover=1&amp;preloadContent=metadata&amp;useAverageColor=1&amp;hd=0' frameborder='0' allowfullscreen data-resize-to-parent=\"true\" allow='clipboard-write'><\/iframe><script src='https:\/\/v0.wordpress.com\/js\/next\/videopress-iframe.js?m=1739540970'><\/script>\n<\/div><\/figure>\n\n\n\n<p class=\"has-text-align-center has-medium-font-size wp-block-paragraph\">Village de Moisie<\/p>\n\n\n\n<figure class=\"wp-block-video\"><video height=\"720\" style=\"aspect-ratio: 1280 \/ 720;\" width=\"1280\" controls src=\"https:\/\/histoireinnue.ca\/wp-content\/uploads\/2021\/06\/Histoire-village-Moisie.mp4\"><\/video><figcaption class=\"wp-element-caption\">Village de Moisie, entrevues Evelyne St-Onge<\/figcaption><\/figure>\n\n\n\n<p class=\"has-text-align-center has-medium-font-size wp-block-paragraph\">Transcription<\/p>\n\n\n\n<div data-wp-interactive=\"core\/file\" class=\"wp-block-file\"><object data-wp-bind--hidden=\"!state.hasPdfPreview\" hidden class=\"wp-block-file__embed\" data=\"https:\/\/histoireinnue.ca\/wp-content\/uploads\/2023\/02\/Village-de-Moisie.pdf\" type=\"application\/pdf\" style=\"width:100%;height:490px\" aria-label=\"Contenu embarqu\u00e9 Village de Moisie.\"><\/object><a id=\"wp-block-file--media-3d93726b-d9f4-4f69-aa58-58671c3bdfd7\" href=\"https:\/\/histoireinnue.ca\/wp-content\/uploads\/2023\/02\/Village-de-Moisie.pdf\">Village de Moisie<\/a><a href=\"https:\/\/histoireinnue.ca\/wp-content\/uploads\/2023\/02\/Village-de-Moisie.pdf\" class=\"wp-block-file__button wp-element-button\" download aria-describedby=\"wp-block-file--media-3d93726b-d9f4-4f69-aa58-58671c3bdfd7\">T\u00e9l\u00e9charger<\/a><\/div>\n\n\n\n<p class=\"wp-block-paragraph\">.<\/p>\n\n\n\n<p class=\"has-text-align-center wp-block-paragraph\">Un m\u00e9chant chasseur (Bozo)<\/p>\n\n\n\n<figure class=\"wp-block-video wp-block-embed is-type-video is-provider-videopress\"><div class=\"wp-block-embed__wrapper\">\n<iframe title=\"VideoPress Video Player\" aria-label='VideoPress Video Player' width='736' height='414' src='https:\/\/videopress.com\/embed\/gXx4ZuZW?cover=1&amp;preloadContent=metadata&amp;useAverageColor=1&amp;hd=0' frameborder='0' allowfullscreen data-resize-to-parent=\"true\" allow='clipboard-write'><\/iframe><script src='https:\/\/v0.wordpress.com\/js\/next\/videopress-iframe.js?m=1739540970'><\/script>\n<\/div><\/figure>\n\n\n\n<p class=\"wp-block-paragraph\">.<\/p>\n\n\n\n<p class=\"has-text-align-center has-medium-font-size wp-block-paragraph\">Hommage \u00e0 Maikan<\/p>\n\n\n\n<figure class=\"wp-block-video wp-block-embed is-type-video is-provider-videopress\"><div class=\"wp-block-embed__wrapper\">\n<iframe title=\"VideoPress Video Player\" aria-label='VideoPress Video Player' width='736' height='414' src='https:\/\/videopress.com\/embed\/4twMougz?cover=1&amp;posterUrl=https%3A%2F%2Fhistoireinnue.ca%2Fwp-content%2Fuploads%2F2023%2F11%2Fhommage-a-maikan_mp4_avc_240p.original.jpg&amp;preloadContent=metadata&amp;useAverageColor=1&amp;hd=0' frameborder='0' allowfullscreen data-resize-to-parent=\"true\" allow='clipboard-write'><\/iframe><script src='https:\/\/v0.wordpress.com\/js\/next\/videopress-iframe.js?m=1739540970'><\/script>\n<\/div><figcaption>Hommage \u00e0 Maikan, notre vedette canine&#8230;<\/figcaption><\/figure>\n\n\n\n<p class=\"wp-block-paragraph\">.<\/p>\n\n\n\n<p class=\"has-text-align-center wp-block-paragraph\">Un ovni au dessus de Mani-utenam le 24 juillet 2000, cet objet a \u00e9t\u00e9 vu \u00e0 deux reprises, deux soirs de suite. Le dernier soir celui-ci plongea doucement dans la mer juste en bas de la c\u00f4te et on ne l&rsquo;a plus jamais revu&#8230;<\/p>\n\n\n\n<figure class=\"wp-block-image\"><img data-recalc-dims=\"1\" loading=\"lazy\" decoding=\"async\" width=\"736\" height=\"497\" data-attachment-id=\"13734\" data-permalink=\"https:\/\/histoireinnue.ca\/?attachment_id=13734\" data-orig-file=\"https:\/\/i0.wp.com\/histoireinnue.ca\/wp-content\/uploads\/2025\/02\/ov1-topaz-sharpen-color-upscale-4x-1.jpg?fit=2880%2C1944&amp;ssl=1\" data-orig-size=\"2880,1944\" data-comments-opened=\"1\" data-image-meta=\"{&quot;aperture&quot;:&quot;0&quot;,&quot;credit&quot;:&quot;&quot;,&quot;camera&quot;:&quot;&quot;,&quot;caption&quot;:&quot;&quot;,&quot;created_timestamp&quot;:&quot;0&quot;,&quot;copyright&quot;:&quot;&quot;,&quot;focal_length&quot;:&quot;0&quot;,&quot;iso&quot;:&quot;0&quot;,&quot;shutter_speed&quot;:&quot;0&quot;,&quot;title&quot;:&quot;&quot;,&quot;orientation&quot;:&quot;1&quot;}\" data-image-title=\"ov1-topaz-sharpen-color-upscale-4x\" data-image-description=\"\" data-image-caption=\"\" data-large-file=\"https:\/\/i0.wp.com\/histoireinnue.ca\/wp-content\/uploads\/2025\/02\/ov1-topaz-sharpen-color-upscale-4x-1.jpg?fit=736%2C497&amp;ssl=1\" src=\"https:\/\/i0.wp.com\/histoireinnue.ca\/wp-content\/uploads\/2025\/02\/ov1-topaz-sharpen-color-upscale-4x-1.jpg?resize=736%2C497&#038;ssl=1\" alt=\"\" class=\"wp-image-13734\" srcset=\"https:\/\/i0.wp.com\/histoireinnue.ca\/wp-content\/uploads\/2025\/02\/ov1-topaz-sharpen-color-upscale-4x-1.jpg?resize=1024%2C691&amp;ssl=1 1024w, https:\/\/i0.wp.com\/histoireinnue.ca\/wp-content\/uploads\/2025\/02\/ov1-topaz-sharpen-color-upscale-4x-1.jpg?resize=300%2C203&amp;ssl=1 300w, https:\/\/i0.wp.com\/histoireinnue.ca\/wp-content\/uploads\/2025\/02\/ov1-topaz-sharpen-color-upscale-4x-1.jpg?resize=768%2C518&amp;ssl=1 768w, https:\/\/i0.wp.com\/histoireinnue.ca\/wp-content\/uploads\/2025\/02\/ov1-topaz-sharpen-color-upscale-4x-1.jpg?resize=1536%2C1037&amp;ssl=1 1536w, https:\/\/i0.wp.com\/histoireinnue.ca\/wp-content\/uploads\/2025\/02\/ov1-topaz-sharpen-color-upscale-4x-1.jpg?resize=2048%2C1382&amp;ssl=1 2048w, https:\/\/i0.wp.com\/histoireinnue.ca\/wp-content\/uploads\/2025\/02\/ov1-topaz-sharpen-color-upscale-4x-1.jpg?resize=1200%2C810&amp;ssl=1 1200w, https:\/\/i0.wp.com\/histoireinnue.ca\/wp-content\/uploads\/2025\/02\/ov1-topaz-sharpen-color-upscale-4x-1.jpg?resize=1400%2C945&amp;ssl=1 1400w, https:\/\/i0.wp.com\/histoireinnue.ca\/wp-content\/uploads\/2025\/02\/ov1-topaz-sharpen-color-upscale-4x-1.jpg?resize=600%2C405&amp;ssl=1 600w, https:\/\/i0.wp.com\/histoireinnue.ca\/wp-content\/uploads\/2025\/02\/ov1-topaz-sharpen-color-upscale-4x-1.jpg?w=1472&amp;ssl=1 1472w, https:\/\/i0.wp.com\/histoireinnue.ca\/wp-content\/uploads\/2025\/02\/ov1-topaz-sharpen-color-upscale-4x-1.jpg?w=2208&amp;ssl=1 2208w\" sizes=\"auto, (max-width: 736px) 100vw, 736px\" \/><figcaption class=\"wp-element-caption\">Cette image a \u00e9t\u00e9 prise par une jeune femme de Mani-utenam&#8230;<\/figcaption><\/figure>\n\n\n\n<p class=\"has-text-align-center has-medium-font-size wp-block-paragraph\">Mariage Missinak &amp; Marie-Claude<\/p>\n\n\n\n<figure class=\"wp-block-video wp-block-embed is-type-video is-provider-videopress\"><div class=\"wp-block-embed__wrapper\">\n<iframe title=\"VideoPress Video Player\" aria-label='VideoPress Video Player' width='736' height='414' src='https:\/\/videopress.com\/embed\/cMY4bcUY?cover=1&amp;posterUrl=https%3A%2F%2Fhistoireinnue.ca%2Fwp-content%2Fuploads%2F2025%2F08%2Fmariage-messenak-m-claude_mp4_std.original.jpg&amp;preloadContent=metadata&amp;useAverageColor=1&amp;hd=0' frameborder='0' allowfullscreen data-resize-to-parent=\"true\" allow='clipboard-write'><\/iframe><script src='https:\/\/v0.wordpress.com\/js\/next\/videopress-iframe.js?m=1739540970'><\/script>\n<\/div><figcaption>Mariage de Missinak Bellefleur et de Marie-Claude Andr\u00e9 sur la Mishtashipu le 9 ao\u00fbt 2025 <\/figcaption><\/figure>\n","protected":false},"excerpt":{"rendered":"<p>Mani-utenam, qui signifie \u00ab village de Marie \u00bb, est un territoire acquis par le gouvernement f\u00e9d\u00e9ral en 1948, d\u00e9sign\u00e9 comme r\u00e9serve l&rsquo;ann\u00e9e suivante. \u00c0 sa fondation, elle regroupe principalement les familles qui \u00e9taient associ\u00e9es \u00e0 la rivi\u00e8re Moisie, ou \u00ab&nbsp;Mishta-shipu&nbsp;\u00bb. D\u2019autres familles \u00e9tablies \u00e0&nbsp;Uashat&nbsp;y d\u00e9m\u00e9nagent dans la d\u00e9cennie de 1950.&nbsp;Mani-utenam&nbsp;est situ\u00e9e \u00e0 16 kilom\u00e8tres \u00e0&#8230; <a class=\"more-link\" href=\"https:\/\/histoireinnue.ca\/?page_id=1215#more-1215\">Lire la Suite &rarr;<\/a><\/p>\n","protected":false},"author":142836289,"featured_media":0,"parent":0,"menu_order":0,"comment_status":"closed","ping_status":"closed","template":"","meta":{"_coblocks_attr":"","_coblocks_dimensions":"","_coblocks_responsive_height":"","_coblocks_accordion_ie_support":"","_crdt_document":"","advanced_seo_description":"","jetpack_seo_html_title":"","jetpack_seo_noindex":false,"footnotes":""},"class_list":["post-1215","page","type-page","status-publish","hentry","clear"],"jetpack_likes_enabled":true,"jetpack_sharing_enabled":true,"jetpack_shortlink":"https:\/\/wp.me\/PayinP-jB","_links":{"self":[{"href":"https:\/\/histoireinnue.ca\/index.php?rest_route=\/wp\/v2\/pages\/1215","targetHints":{"allow":["GET"]}}],"collection":[{"href":"https:\/\/histoireinnue.ca\/index.php?rest_route=\/wp\/v2\/pages"}],"about":[{"href":"https:\/\/histoireinnue.ca\/index.php?rest_route=\/wp\/v2\/types\/page"}],"author":[{"embeddable":true,"href":"https:\/\/histoireinnue.ca\/index.php?rest_route=\/wp\/v2\/users\/142836289"}],"replies":[{"embeddable":true,"href":"https:\/\/histoireinnue.ca\/index.php?rest_route=%2Fwp%2Fv2%2Fcomments&post=1215"}],"version-history":[{"count":70,"href":"https:\/\/histoireinnue.ca\/index.php?rest_route=\/wp\/v2\/pages\/1215\/revisions"}],"predecessor-version":[{"id":14072,"href":"https:\/\/histoireinnue.ca\/index.php?rest_route=\/wp\/v2\/pages\/1215\/revisions\/14072"}],"wp:attachment":[{"href":"https:\/\/histoireinnue.ca\/index.php?rest_route=%2Fwp%2Fv2%2Fmedia&parent=1215"}],"curies":[{"name":"wp","href":"https:\/\/api.w.org\/{rel}","templated":true}]}}